{"id":2392,"date":"2023-03-15T16:40:56","date_gmt":"2023-03-15T15:40:56","guid":{"rendered":"https:\/\/cea-belgium.be\/?page_id=2392"},"modified":"2024-09-17T10:23:12","modified_gmt":"2024-09-17T09:23:12","slug":"partenaires","status":"publish","type":"page","link":"https:\/\/cea-belgium.be\/fr\/partenaires\/","title":{"rendered":"Partenaires"},"content":{"rendered":"<p>[et_pb_section fb_built=\u00a0\u00bb1&Prime; _builder_version=\u00a0\u00bb4.27.0&Prime; _module_preset=\u00a0\u00bbdefault\u00a0\u00bb background_color=\u00a0\u00bbrgba(35,63,146,0.2)\u00a0\u00bb background_image=\u00a0\u00bbhttps:\/\/cea-belgium.be\/wp-content\/uploads\/2023\/03\/Groepsfoto-scaled.jpg\u00a0\u00bb background_position=\u00a0\u00bbcenter_left\u00a0\u00bb background_blend=\u00a0\u00bbmultiply\u00a0\u00bb max_height=\u00a0\u00bb550px\u00a0\u00bb hover_enabled=\u00a0\u00bb0&Prime; global_colors_info=\u00a0\u00bb{}\u00a0\u00bb sticky_enabled=\u00a0\u00bb0&Prime;][et_pb_row _builder_version=\u00a0\u00bb4.27.0&Prime; _module_preset=\u00a0\u00bbdefault\u00a0\u00bb custom_padding=\u00a0\u00bb10%||10%||false|false\u00a0\u00bb hover_enabled=\u00a0\u00bb0&Prime; global_colors_info=\u00a0\u00bb{}\u00a0\u00bb sticky_enabled=\u00a0\u00bb0&Prime;][et_pb_column type=\u00a0\u00bb4_4&Prime; _builder_version=\u00a0\u00bb4.20.1&Prime; _module_preset=\u00a0\u00bbdefault\u00a0\u00bb global_colors_info=\u00a0\u00bb{}\u00a0\u00bb][et_pb_image src=\u00a0\u00bbhttps:\/\/cea-belgium.be\/wp-content\/uploads\/2023\/04\/CEA_Partenaires.svg\u00a0\u00bb alt=\u00a0\u00bbCea Partenaires\u00a0\u00bb title_text=\u00a0\u00bbCea Partenaires\u00a0\u00bb align=\u00a0\u00bbcenter\u00a0\u00bb admin_label=\u00a0\u00bbImage onze partners\u00a0\u00bb _builder_version=\u00a0\u00bb4.27.0&Prime; _module_preset=\u00a0\u00bbdefault\u00a0\u00bb width=\u00a0\u00bb50%\u00a0\u00bb width_tablet=\u00a0\u00bb80%\u00a0\u00bb width_phone=\u00a0\u00bb80%\u00a0\u00bb width_last_edited=\u00a0\u00bbon|phone\u00a0\u00bb hover_enabled=\u00a0\u00bb0&Prime; global_colors_info=\u00a0\u00bb{}\u00a0\u00bb sticky_enabled=\u00a0\u00bb0&Prime;][\/et_pb_image][\/et_pb_column][\/et_pb_row][\/et_pb_section][et_pb_section fb_built=\u00a0\u00bb1&Prime; _builder_version=\u00a0\u00bb4.20.1&Prime; _module_preset=\u00a0\u00bbdefault\u00a0\u00bb background_color=\u00a0\u00bb#FFFFFF\u00a0\u00bb global_colors_info=\u00a0\u00bb{}\u00a0\u00bb][et_pb_row column_structure=\u00a0\u00bb2_5,3_5&Prime; _builder_version=\u00a0\u00bb4.20.1&Prime; _module_preset=\u00a0\u00bbdefault\u00a0\u00bb custom_margin=\u00a0\u00bb||||false|false\u00a0\u00bb custom_padding=\u00a0\u00bb||||false|false\u00a0\u00bb global_colors_info=\u00a0\u00bb{}\u00a0\u00bb][et_pb_column type=\u00a0\u00bb2_5&Prime; _builder_version=\u00a0\u00bb4.20.1&Prime; _module_preset=\u00a0\u00bbdefault\u00a0\u00bb global_colors_info=\u00a0\u00bb{}\u00a0\u00bb][et_pb_image src=\u00a0\u00bbhttps:\/\/cea-belgium.be\/wp-content\/uploads\/2023\/03\/BVS-vzw-bv.svg\u00a0\u00bb alt=\u00a0\u00bbBvs Vzw Bv\u00a0\u00bb title_text=\u00a0\u00bbBvs Vzw Bv\u00a0\u00bb url=\u00a0\u00bbhttps:\/\/www.upsi-bvs.be\/nl\u00a0\u00bb url_new_window=\u00a0\u00bbon\u00a0\u00bb align=\u00a0\u00bbcenter\u00a0\u00bb align_tablet=\u00a0\u00bbleft\u00a0\u00bb align_phone=\u00a0\u00bbleft\u00a0\u00bb align_last_edited=\u00a0\u00bbon|tablet\u00a0\u00bb admin_label=\u00a0\u00bbImage Bvs\u00a0\u00bb _builder_version=\u00a0\u00bb4.20.1&Prime; _module_preset=\u00a0\u00bbdefault\u00a0\u00bb module_alignment=\u00a0\u00bbcenter\u00a0\u00bb custom_padding=\u00a0\u00bb10%||||false|false\u00a0\u00bb global_colors_info=\u00a0\u00bb{}\u00a0\u00bb][\/et_pb_image][\/et_pb_column][et_pb_column type=\u00a0\u00bb3_5&Prime; _builder_version=\u00a0\u00bb4.20.1&Prime; _module_preset=\u00a0\u00bbdefault\u00a0\u00bb custom_padding=\u00a0\u00bb|5%|||false|false\u00a0\u00bb global_colors_info=\u00a0\u00bb{}\u00a0\u00bb][et_pb_text _builder_version=\u00a0\u00bb4.20.1&Prime; _module_preset=\u00a0\u00bbdefault\u00a0\u00bb text_text_color=\u00a0\u00bb#233F92&Prime; global_colors_info=\u00a0\u00bb{}\u00a0\u00bb]<\/p>\n<p><strong>L&rsquo;Union Professionnelle du Secteur Immobilier <a href=\"https:\/\/www.upsi-bvs.be\/fr\">(UPSI)<\/a><\/strong> repr\u00e9sente les principaux promoteurs-constructeurs, lotisseurs et investisseurs immobiliers de Belgique. Nous nous consacrons exclusivement \u00e0 l&rsquo;\u00e9tude, \u00e0 la protection et au d\u00e9veloppement des int\u00e9r\u00eats professionnels de ses membres. Nous \u00e9tudions le march\u00e9 immobilier belge ainsi que les facteurs qui l&rsquo;influencent.Nous voulons promouvoir et appuyer toutes les mesures l\u00e9gislatives et administratives favorables au secteur immobilier. Nous repr\u00e9sentons ses membres aupr\u00e8s des autorit\u00e9s f\u00e9d\u00e9rales et r\u00e9gionales, collabore avec les instances publiques et leur donne conseil en toutes mati\u00e8res d&rsquo;ordre professionnel, notamment technique, juridique et financier.<\/p>\n<p>[\/et_pb_text][et_pb_button button_url=\u00a0\u00bbhttps:\/\/www.upsi-bvs.be\/fr\u00a0\u00bb url_new_window=\u00a0\u00bbon\u00a0\u00bb button_text=\u00a0\u00bbVisitez notre site web\u00a0\u00bb module_class=\u00a0\u00bbhovereffect\u00a0\u00bb _builder_version=\u00a0\u00bb4.20.1&Prime; _module_preset=\u00a0\u00bbdefault\u00a0\u00bb custom_button=\u00a0\u00bbon\u00a0\u00bb button_text_size=\u00a0\u00bb14px\u00a0\u00bb button_text_color=\u00a0\u00bb#FFFFFF\u00a0\u00bb button_bg_color=\u00a0\u00bb#00C4B3&Prime; button_font=\u00a0\u00bb|700|||||||\u00a0\u00bb button_use_icon=\u00a0\u00bboff\u00a0\u00bb custom_padding=\u00a0\u00bb10px|25px|10px|25px|true|true\u00a0\u00bb global_colors_info=\u00a0\u00bb{}\u00a0\u00bb][\/et_pb_button][\/et_pb_column][\/et_pb_row][\/et_pb_section][et_pb_section fb_built=\u00a0\u00bb1&Prime; _builder_version=\u00a0\u00bb4.20.1&Prime; _module_preset=\u00a0\u00bbdefault\u00a0\u00bb background_color=\u00a0\u00bb#233F92&Prime; global_colors_info=\u00a0\u00bb{}\u00a0\u00bb][et_pb_row column_structure=\u00a0\u00bb2_5,3_5&Prime; _builder_version=\u00a0\u00bb4.20.1&Prime; _module_preset=\u00a0\u00bbdefault\u00a0\u00bb custom_margin=\u00a0\u00bb||||false|false\u00a0\u00bb custom_padding=\u00a0\u00bb||||false|false\u00a0\u00bb global_colors_info=\u00a0\u00bb{}\u00a0\u00bb][et_pb_column type=\u00a0\u00bb2_5&Prime; _builder_version=\u00a0\u00bb4.20.1&Prime; _module_preset=\u00a0\u00bbdefault\u00a0\u00bb global_colors_info=\u00a0\u00bb{}\u00a0\u00bb][et_pb_image src=\u00a0\u00bbhttps:\/\/cea-belgium.be\/wp-content\/uploads\/2023\/03\/nav-logo.svg\u00a0\u00bb alt=\u00a0\u00bbNav Logo\u00a0\u00bb title_text=\u00a0\u00bbNav Logo\u00a0\u00bb align=\u00a0\u00bbcenter\u00a0\u00bb align_tablet=\u00a0\u00bbleft\u00a0\u00bb align_phone=\u00a0\u00bbleft\u00a0\u00bb align_last_edited=\u00a0\u00bbon|tablet\u00a0\u00bb admin_label=\u00a0\u00bbImage nav\u00a0\u00bb _builder_version=\u00a0\u00bb4.20.1&Prime; _module_preset=\u00a0\u00bbdefault\u00a0\u00bb module_alignment=\u00a0\u00bbcenter\u00a0\u00bb custom_padding=\u00a0\u00bb20%||||false|false\u00a0\u00bb global_colors_info=\u00a0\u00bb{}\u00a0\u00bb][\/et_pb_image][\/et_pb_column][et_pb_column type=\u00a0\u00bb3_5&Prime; _builder_version=\u00a0\u00bb4.20.1&Prime; _module_preset=\u00a0\u00bbdefault\u00a0\u00bb custom_padding=\u00a0\u00bb|5%|||false|false\u00a0\u00bb global_colors_info=\u00a0\u00bb{}\u00a0\u00bb][et_pb_text _builder_version=\u00a0\u00bb4.20.1&Prime; _module_preset=\u00a0\u00bbdefault\u00a0\u00bb text_text_color=\u00a0\u00bb#FFFFFF\u00a0\u00bb global_colors_info=\u00a0\u00bb{}\u00a0\u00bb]<\/p>\n<p><strong>Netwerk Architecten Vlaanderen<\/strong> est la communaut\u00e9 des architectes flamands avec plus de 6 000 architectes affili\u00e9s. <em>\u00c0 <\/em>travers nos comp\u00e9tences, nos outils et l&rsquo;inspiration, nous voulons aider les architectes \u00e0 cr\u00e9er, entreprendre et vivre mieux. Le monde de la construction est complexe et en constante \u00e9volution. La NAV vise \u00e0 d\u00e9charger l\u2019architecte et \u00e0 lui donner les moyens d\u2019imprimer sa marque sur le monde.<\/p>\n<p>[\/et_pb_text][et_pb_button button_url=\u00a0\u00bbhttps:\/\/www.nav.be\/fr\/\u00a0\u00bb url_new_window=\u00a0\u00bbon\u00a0\u00bb button_text=\u00a0\u00bbVisitez notre site web\u00a0\u00bb module_class=\u00a0\u00bbhovereffect\u00a0\u00bb _builder_version=\u00a0\u00bb4.20.1&Prime; _module_preset=\u00a0\u00bbdefault\u00a0\u00bb custom_button=\u00a0\u00bbon\u00a0\u00bb button_text_size=\u00a0\u00bb14px\u00a0\u00bb button_text_color=\u00a0\u00bb#233F92&Prime; button_bg_color=\u00a0\u00bb#FFFFFF\u00a0\u00bb button_font=\u00a0\u00bb|700|||||||\u00a0\u00bb button_use_icon=\u00a0\u00bboff\u00a0\u00bb custom_padding=\u00a0\u00bb10px|25px|10px|25px|true|true\u00a0\u00bb global_colors_info=\u00a0\u00bb{}\u00a0\u00bb][\/et_pb_button][\/et_pb_column][\/et_pb_row][\/et_pb_section][et_pb_section fb_built=\u00a0\u00bb1&Prime; _builder_version=\u00a0\u00bb4.20.1&Prime; _module_preset=\u00a0\u00bbdefault\u00a0\u00bb background_color=\u00a0\u00bb#A5358C\u00a0\u00bb global_colors_info=\u00a0\u00bb{}\u00a0\u00bb][et_pb_row column_structure=\u00a0\u00bb2_5,3_5&Prime; admin_label=\u00a0\u00bbRow\u00a0\u00bb _builder_version=\u00a0\u00bb4.20.1&Prime; _module_preset=\u00a0\u00bbdefault\u00a0\u00bb custom_margin=\u00a0\u00bb||||false|false\u00a0\u00bb custom_padding=\u00a0\u00bb||||false|false\u00a0\u00bb global_colors_info=\u00a0\u00bb{}\u00a0\u00bb][et_pb_column type=\u00a0\u00bb2_5&Prime; _builder_version=\u00a0\u00bb4.20.1&Prime; _module_preset=\u00a0\u00bbdefault\u00a0\u00bb global_colors_info=\u00a0\u00bb{}\u00a0\u00bb][et_pb_image src=\u00a0\u00bbhttps:\/\/cea-belgium.be\/wp-content\/uploads\/2023\/03\/chez-nous-logo.svg\u00a0\u00bb alt=\u00a0\u00bbChez Nous Logo\u00a0\u00bb title_text=\u00a0\u00bbChez Nous Logo\u00a0\u00bb align=\u00a0\u00bbcenter\u00a0\u00bb align_tablet=\u00a0\u00bbleft\u00a0\u00bb align_phone=\u00a0\u00bbleft\u00a0\u00bb align_last_edited=\u00a0\u00bbon|tablet\u00a0\u00bb admin_label=\u00a0\u00bbImage chez nous\u00a0\u00bb _builder_version=\u00a0\u00bb4.20.1&Prime; _module_preset=\u00a0\u00bbdefault\u00a0\u00bb width_tablet=\u00a0\u00bb\u00a0\u00bb width_phone=\u00a0\u00bb\u00a0\u00bb width_last_edited=\u00a0\u00bbon|phone\u00a0\u00bb global_colors_info=\u00a0\u00bb{}\u00a0\u00bb][\/et_pb_image][\/et_pb_column][et_pb_column type=\u00a0\u00bb3_5&Prime; _builder_version=\u00a0\u00bb4.20.1&Prime; _module_preset=\u00a0\u00bbdefault\u00a0\u00bb custom_padding=\u00a0\u00bb|5%|||false|false\u00a0\u00bb global_colors_info=\u00a0\u00bb{}\u00a0\u00bb][et_pb_text _builder_version=\u00a0\u00bb4.20.1&Prime; _module_preset=\u00a0\u00bbdefault\u00a0\u00bb text_text_color=\u00a0\u00bb#FFFFFF\u00a0\u00bb global_colors_info=\u00a0\u00bb{}\u00a0\u00bb]<\/p>\n<p>Plus que jamais, <strong>Chez Nous Cannes<\/strong> est devenu une plateforme de communication, o\u00f9 les cadres sup\u00e9rieurs de la construction et de l&rsquo;immobilier peuvent \u00e9changer de nouvelles id\u00e9es pour faire face, ensemble, aux d\u00e9fis auxquels sont confront\u00e9 leurs secteurs.\u00a0On pense notamment au Green Deal europ\u00e9en, \u00e0 l\u2019\u00e9volution vers les villes intelligentes, \u00e0 l\u2019impact de la transition de la construction (bouwshift), au souci permanent de la durabilit\u00e9 et de l\u2019innovation, \u00e0 la num\u00e9risation croissante, \u00e0 la PropTech&#8230;<\/p>\n<p>[\/et_pb_text][et_pb_button button_url=\u00a0\u00bbhttps:\/\/www.chez-nous-cannes.be\/en\u00a0\u00bb url_new_window=\u00a0\u00bbon\u00a0\u00bb button_text=\u00a0\u00bbVisitez notre site web\u00a0\u00bb module_class=\u00a0\u00bbhovereffect\u00a0\u00bb _builder_version=\u00a0\u00bb4.20.1&Prime; _module_preset=\u00a0\u00bbdefault\u00a0\u00bb custom_button=\u00a0\u00bbon\u00a0\u00bb button_text_size=\u00a0\u00bb14px\u00a0\u00bb button_text_color=\u00a0\u00bb#233F92&Prime; button_bg_color=\u00a0\u00bb#FFFFFF\u00a0\u00bb button_font=\u00a0\u00bb|700|||||||\u00a0\u00bb button_use_icon=\u00a0\u00bboff\u00a0\u00bb custom_padding=\u00a0\u00bb10px|25px|10px|25px|true|true\u00a0\u00bb global_colors_info=\u00a0\u00bb{}\u00a0\u00bb][\/et_pb_button][\/et_pb_column][\/et_pb_row][\/et_pb_section]<\/p>\n","protected":false},"excerpt":{"rendered":"<p>L&rsquo;Union Professionnelle du Secteur Immobilier (UPSI) repr\u00e9sente les principaux promoteurs-constructeurs, lotisseurs et investisseurs immobiliers de Belgique. Nous nous consacrons exclusivement \u00e0 l&rsquo;\u00e9tude, \u00e0 la protection et au d\u00e9veloppement des int\u00e9r\u00eats professionnels de ses membres. Nous \u00e9tudions le march\u00e9 immobilier belge ainsi que les facteurs qui l&rsquo;influencent.Nous voulons promouvoir et appuyer toutes les mesures l\u00e9gislatives et [&hellip;]<\/p>\n","protected":false},"author":5,"featured_media":0,"parent":0,"menu_order":0,"comment_status":"closed","ping_status":"closed","template":"","meta":{"_seopress_robots_primary_cat":"","_seopress_titles_title":"","_seopress_titles_desc":"","_seopress_robots_index":"","_et_pb_use_builder":"on","_et_pb_old_content":"<p>[et_pb_section fb_built=\"1\" _builder_version=\"4.20.1\" _module_preset=\"default\" background_color=\"rgba(35,63,146,0.2)\" background_image=\"https:\/\/cea-belgium.be\/wp-content\/uploads\/2023\/03\/Groepsfoto-scaled.jpg\" background_position=\"center_left\" background_blend=\"multiply\" max_height=\"550px\" global_colors_info=\"{}\"][et_pb_row _builder_version=\"4.20.1\" _module_preset=\"default\" custom_padding=\"10%||10%||false|false\" global_colors_info=\"{}\"][et_pb_column type=\"4_4\" _builder_version=\"4.20.1\" _module_preset=\"default\" global_colors_info=\"{}\"][et_pb_image src=\"https:\/\/cea-belgium.be\/wp-content\/uploads\/2023\/03\/onze-partners.svg\" alt=\"Onze Partners\" title_text=\"Onze Partners\" align=\"center\" admin_label=\"Image onze partners\" _builder_version=\"4.20.1\" _module_preset=\"default\" global_colors_info=\"{}\"][\/et_pb_image][\/et_pb_column][\/et_pb_row][\/et_pb_section][et_pb_section fb_built=\"1\" _builder_version=\"4.20.1\" _module_preset=\"default\" background_color=\"#FFFFFF\" global_colors_info=\"{}\"][et_pb_row column_structure=\"2_5,3_5\" _builder_version=\"4.20.1\" _module_preset=\"default\" custom_margin=\"||||false|false\" custom_padding=\"||||false|false\" global_colors_info=\"{}\"][et_pb_column type=\"2_5\" _builder_version=\"4.20.1\" _module_preset=\"default\" global_colors_info=\"{}\"][et_pb_image src=\"https:\/\/cea-belgium.be\/wp-content\/uploads\/2023\/03\/BVS-vzw-bv.svg\" alt=\"Bvs Vzw Bv\" title_text=\"Bvs Vzw Bv\" url=\"https:\/\/www.upsi-bvs.be\/nl\" url_new_window=\"on\" align=\"center\" align_tablet=\"left\" align_phone=\"left\" align_last_edited=\"on|tablet\" admin_label=\"Image Bvs\" _builder_version=\"4.20.1\" _module_preset=\"default\" module_alignment=\"center\" custom_padding=\"10%||||false|false\" global_colors_info=\"{}\"][\/et_pb_image][\/et_pb_column][et_pb_column type=\"3_5\" _builder_version=\"4.20.1\" _module_preset=\"default\" custom_padding=\"|5%|||false|false\" global_colors_info=\"{}\"][et_pb_text _builder_version=\"4.20.1\" _module_preset=\"default\" text_text_color=\"#233F92\" global_colors_info=\"{}\"]<\/p><p><strong>De Beroepsvereniging van de Vastgoedsector <a href=\"https:\/\/www.upsi-bvs.be\/nl\" target=\"_blank\" rel=\"noopener\">(BVS) <\/a><\/strong>vertegenwoordigt de belangrijkste vastgoedontwikkelaars, verkavelaars en vastgoedbeleggers van Belgi\u00eb. We houden ons uitsluitend bezig met de studie, de bescherming en de ontwikkeling van de beroepsbelangen van onze leden. We onderzoeken de Belgische vastgoedmarkt en de factoren die deze be\u00efnvloeden. We promoten en steunen alle wettelijke en administratieve maatregelen die gunstig zijn voor de vastgoedsector. We vertegenwoordigen onze leden bij de federale en regionale overheden, werken samen met de openbare instanties en geven hen advies in alle professionele zaken, zowel technisch, juridisch als financieel.<u><\/u><u><\/u><\/p><p>[\/et_pb_text][et_pb_button button_url=\"https:\/\/www.upsi-bvs.be\/nl\" url_new_window=\"on\" button_text=\"Bezoek onze website\" module_class=\"hovereffect\" _builder_version=\"4.20.1\" _module_preset=\"default\" custom_button=\"on\" button_text_size=\"14px\" button_text_color=\"#FFFFFF\" button_bg_color=\"#00C4B3\" button_font=\"|700|||||||\" button_use_icon=\"off\" custom_padding=\"10px|25px|10px|25px|true|true\" global_colors_info=\"{}\"][\/et_pb_button][\/et_pb_column][\/et_pb_row][\/et_pb_section][et_pb_section fb_built=\"1\" _builder_version=\"4.20.1\" _module_preset=\"default\" background_color=\"#233F92\" global_colors_info=\"{}\"][et_pb_row column_structure=\"2_5,3_5\" _builder_version=\"4.20.1\" _module_preset=\"default\" custom_margin=\"||||false|false\" custom_padding=\"||||false|false\" global_colors_info=\"{}\"][et_pb_column type=\"2_5\" _builder_version=\"4.20.1\" _module_preset=\"default\" global_colors_info=\"{}\"][et_pb_image src=\"https:\/\/cea-belgium.be\/wp-content\/uploads\/2023\/03\/nav-logo.svg\" alt=\"Nav Logo\" title_text=\"Nav Logo\" align=\"center\" align_tablet=\"left\" align_phone=\"left\" align_last_edited=\"on|tablet\" admin_label=\"Image nav\" _builder_version=\"4.20.1\" _module_preset=\"default\" module_alignment=\"center\" custom_padding=\"20%||||false|false\" global_colors_info=\"{}\"][\/et_pb_image][\/et_pb_column][et_pb_column type=\"3_5\" _builder_version=\"4.20.1\" _module_preset=\"default\" custom_padding=\"|5%|||false|false\" global_colors_info=\"{}\"][et_pb_text _builder_version=\"4.20.1\" _module_preset=\"default\" text_text_color=\"#FFFFFF\" global_colors_info=\"{}\"]<\/p><p><strong>Netwerk Architecten Vlaanderen<\/strong> is met meer dan 6.000 aangesloten architecten de community voor architecten. Aan de hand van kennis, tools en inspiratie willen we architecten helpen beter te cre\u00ebren, ondernemen en leven. De wereld van de bouw is complex en continu in verandering. NAV focust zich op het ontzorgen van de architect en hen de mogelijkheden geven om hun stempel op de wereld te drukken.<\/p><p>[\/et_pb_text][et_pb_button button_url=\"https:\/\/www.nav.be\/\" url_new_window=\"on\" button_text=\"Bezoek onze website\" module_class=\"hovereffect\" _builder_version=\"4.20.1\" _module_preset=\"default\" custom_button=\"on\" button_text_size=\"14px\" button_text_color=\"#233F92\" button_bg_color=\"#FFFFFF\" button_font=\"|700|||||||\" button_use_icon=\"off\" custom_padding=\"10px|25px|10px|25px|true|true\" global_colors_info=\"{}\"][\/et_pb_button][\/et_pb_column][\/et_pb_row][\/et_pb_section][et_pb_section fb_built=\"1\" _builder_version=\"4.20.1\" _module_preset=\"default\" background_color=\"#A5358C\" global_colors_info=\"{}\"][et_pb_row column_structure=\"2_5,3_5\" admin_label=\"Row\" _builder_version=\"4.20.1\" _module_preset=\"default\" custom_margin=\"||||false|false\" custom_padding=\"||||false|false\" global_colors_info=\"{}\"][et_pb_column type=\"2_5\" _builder_version=\"4.20.1\" _module_preset=\"default\" global_colors_info=\"{}\"][et_pb_image src=\"https:\/\/cea-belgium.be\/wp-content\/uploads\/2023\/03\/chez-nous-logo.svg\" alt=\"Chez Nous Logo\" title_text=\"Chez Nous Logo\" align=\"center\" align_tablet=\"left\" align_phone=\"left\" align_last_edited=\"on|tablet\" admin_label=\"Image chez nous\" _builder_version=\"4.20.1\" _module_preset=\"default\" width_tablet=\"\" width_phone=\"\" width_last_edited=\"on|phone\" global_colors_info=\"{}\"][\/et_pb_image][\/et_pb_column][et_pb_column type=\"3_5\" _builder_version=\"4.20.1\" _module_preset=\"default\" custom_padding=\"|5%|||false|false\" global_colors_info=\"{}\"][et_pb_text _builder_version=\"4.20.1\" _module_preset=\"default\" text_text_color=\"#FFFFFF\" global_colors_info=\"{}\"]<\/p><p><strong>Meer dan ooit is Chez Nous Cannes<\/strong> ge\u00ebvolueerd tot een community van c-level bouw- en vastgoedprofessionals die nieuwe idee\u00ebn kunnen uitwisselen over de uitdagingen waarmee de bouw- en ontwikkelingssector wordt geconfronteerd. <u><\/u><u><\/u>Denk bijvoorbeeld aan de Europese Green Deal, de evolutie naar smart cities, de impact van de bouwshift, de voortdurende focus op duurzaamheid en innovatie, toenemende digitalisering, PropTech, ...<u><\/u><u><\/u><\/p><p>[\/et_pb_text][et_pb_button button_url=\"https:\/\/www.chez-nous-cannes.be\/en\" url_new_window=\"on\" button_text=\"Bezoek onze website\" module_class=\"hovereffect\" _builder_version=\"4.20.1\" _module_preset=\"default\" custom_button=\"on\" button_text_size=\"14px\" button_text_color=\"#233F92\" button_bg_color=\"#FFFFFF\" button_font=\"|700|||||||\" button_use_icon=\"off\" custom_padding=\"10px|25px|10px|25px|true|true\" global_colors_info=\"{}\"][\/et_pb_button][\/et_pb_column][\/et_pb_row][\/et_pb_section][et_pb_section fb_built=\"1\" _builder_version=\"4.20.1\" _module_preset=\"default\" background_color=\"#00C4B3\" global_colors_info=\"{}\"][et_pb_row column_structure=\"2_5,3_5\" _builder_version=\"4.20.1\" _module_preset=\"default\" custom_margin=\"||||false|false\" custom_padding=\"||||false|false\" global_colors_info=\"{}\"][et_pb_column type=\"2_5\" _builder_version=\"4.20.1\" _module_preset=\"default\" global_colors_info=\"{}\"][et_pb_image src=\"https:\/\/cea-belgium.be\/wp-content\/uploads\/2023\/03\/look-and-fin-logo.svg\" alt=\"Look And Fin Logo\" title_text=\"Look And Fin Logo\" align=\"center\" align_tablet=\"left\" align_phone=\"left\" align_last_edited=\"on|tablet\" admin_label=\"Image look&fin\" _builder_version=\"4.20.1\" _module_preset=\"default\" module_alignment=\"center\" custom_padding=\"20%||||false|false\" global_colors_info=\"{}\"][\/et_pb_image][\/et_pb_column][et_pb_column type=\"3_5\" _builder_version=\"4.20.1\" _module_preset=\"default\" custom_padding=\"|5%|||false|false\" global_colors_info=\"{}\"][et_pb_text _builder_version=\"4.20.1\" _module_preset=\"default\" text_text_color=\"#FFFFFF\" global_colors_info=\"{}\"]<\/p><p><strong>Netwerk Architecten Vlaanderen<\/strong> is met meer dan 6.000 aangesloten architecten de community voor architecten. Aan de hand van kennis, tools en inspiratie willen we architecten helpen beter te cre\u00ebren, ondernemen en leven. De wereld van de bouw is complex en continu in verandering. NAV focust zich op het ontzorgen van de architect en hen de mogelijkheden geven om hun stempel op de wereld te drukken.<\/p><p>[\/et_pb_text][et_pb_button button_url=\"https:\/\/www.lookandfin.com\/nl_BE\/\" url_new_window=\"on\" button_text=\"Bezoek onze website\" module_class=\"hovereffect\" _builder_version=\"4.20.1\" _module_preset=\"default\" custom_button=\"on\" button_text_size=\"14px\" button_text_color=\"#233F92\" button_bg_color=\"#FFFFFF\" button_font=\"|700|||||||\" button_use_icon=\"off\" custom_padding=\"10px|25px|10px|25px|true|true\" global_colors_info=\"{}\"][\/et_pb_button][\/et_pb_column][\/et_pb_row][\/et_pb_section]<\/p>","_et_gb_content_width":"","inline_featured_image":false,"footnotes":""},"class_list":["post-2392","page","type-page","status-publish","hentry"],"_links":{"self":[{"href":"https:\/\/cea-belgium.be\/fr\/wp-json\/wp\/v2\/pages\/2392","targetHints":{"allow":["GET"]}}],"collection":[{"href":"https:\/\/cea-belgium.be\/fr\/wp-json\/wp\/v2\/pages"}],"about":[{"href":"https:\/\/cea-belgium.be\/fr\/wp-json\/wp\/v2\/types\/page"}],"author":[{"embeddable":true,"href":"https:\/\/cea-belgium.be\/fr\/wp-json\/wp\/v2\/users\/5"}],"replies":[{"embeddable":true,"href":"https:\/\/cea-belgium.be\/fr\/wp-json\/wp\/v2\/comments?post=2392"}],"version-history":[{"count":14,"href":"https:\/\/cea-belgium.be\/fr\/wp-json\/wp\/v2\/pages\/2392\/revisions"}],"predecessor-version":[{"id":3841,"href":"https:\/\/cea-belgium.be\/fr\/wp-json\/wp\/v2\/pages\/2392\/revisions\/3841"}],"wp:attachment":[{"href":"https:\/\/cea-belgium.be\/fr\/wp-json\/wp\/v2\/media?parent=2392"}],"curies":[{"name":"wp","href":"https:\/\/api.w.org\/{rel}","templated":true}]}}